{"id":188,"date":"2021-12-19T17:31:24","date_gmt":"2021-12-19T16:31:24","guid":{"rendered":"https:\/\/neu.effa-segeln.de\/?page_id=188"},"modified":"2024-11-09T19:47:39","modified_gmt":"2024-11-09T18:47:39","slug":"impressum","status":"publish","type":"page","link":"https:\/\/effa-segeln.de\/?page_id=188","title":{"rendered":"Impressum"},"content":{"rendered":"\n<p>Vorsitzender des Presbyteriums:<br>Pfarrer Benjamin Meister<br>E-Mail: <a href=\"mailto:benjamin_josef_theodor.meister@ekir.de\">benjamin_josef_theodor.meister@ekir.de<\/a><\/p>\n\n\n\n<p>Redaktion: <a href=\"mailto:info@effa-segeln.de\">info@effa-segeln.de<\/a><\/p>\n\n\n\n<p>Landeskirche: Evangelische Kirche im Rheinland (EKiR)<\/p>\n\n\n\n<p><strong>Redaktion&nbsp;<\/strong>(gem\u00e4\u00df \u00a7 55 Abs. 2 RStV; \u00a76 MDStV):<\/p>\n\n\n\n<p>Copyright:<br>Die Inhalte, die auf dieser Website verbreitet werden, unterliegen dem Urheberrecht der Evangelischen Kirchengemeinde Kleve. Die \u00dcbernahme von Grafiken, Fotos oder Texten von unseren Seiten ist nur mit ausdr\u00fccklicher Genehmigung des Herausgebers gestattet. Eine weitere Verwendung ist nicht bzw. nur nach R\u00fccksprache m\u00f6glich. Die Verbreitung ist nur mit schriftlicher Genehmigung des Rechteinhabers zul\u00e4ssig. Dies gilt auch f\u00fcr die Aufnahme in elektronische Datenbanken und f\u00fcr die Vervielf\u00e4ltigung auf\/\u00fcber elektronischen Datentr\u00e4gern. Ausgenommen ist allein das Herunterladen einer einzigen Kopie des Materials auf einen einzelnen Computer f\u00fcr den privaten Gebrauch und auch dies nur unter der Voraussetzung, dass die Urheberrechte und sonstigen Rechte nicht verletzt und die Urheberbezeichnungen nicht beeintr\u00e4chtigt werden. Die private Nutzung erfolgt auf eigenes Risiko des Nutzers.<\/p>\n\n\n\n<p>Haftungsausschluss:<br>Eine Haftung f\u00fcr Inhalte und Programme einschlie\u00dflich Aktualit\u00e4t, Richtigkeit und Vollst\u00e4ndigkeit, die auf dieser Website verbreitet werden, und f\u00fcr Sch\u00e4den, die aus unzutreffenden Informationen oder durch fehlerhafte Programme entstehen, wird nicht \u00fcbernommen. Hinweise zu Links: Unser Angebot umfasst Verweise (Links) zu anderen Angeboten im Internet. Die auf den gelinkten Seiten wiedergegebenen Inhalte liegen in der alleinigen Verantwortung der jeweiligen Autoren und geben nicht unsere Meinung wieder. Wir verweisen darauf, dass wir weder Einfluss auf Gestaltung und Inhalte der gelinkten Seiten haben und wir uns diese Inhalte nicht zu eigen machen.<\/p>\n","protected":false},"excerpt":{"rendered":"<p>Vorsitzender des Presbyteriums:Pfarrer Benjamin MeisterE-Mail: benjamin_josef_theodor.meister@ekir.de Redaktion: info@effa-segeln.de Landeskirche: Evangelische Kirche im Rheinland (EKiR) Redaktion&nbsp;(gem\u00e4\u00df \u00a7 55 Abs. 2 RStV; \u00a76 MDStV): Copyright:Die Inhalte, die auf dieser Website verbreitet werden, unterliegen dem Urheberrecht der Evangelischen Kirchengemeinde Kleve. Die \u00dcbernahme von Grafiken, Fotos oder Texten von unseren Seiten ist nur mit ausdr\u00fccklicher Genehmigung des Herausgebers gestattet. [&hellip;]<\/p>\n","protected":false},"author":1,"featured_media":0,"parent":0,"menu_order":90,"comment_status":"closed","ping_status":"closed","template":"templates\/template-full-width.php","meta":{"ngg_post_thumbnail":0,"footnotes":""},"class_list":["post-188","page","type-page","status-publish","hentry"],"_links":{"self":[{"href":"https:\/\/effa-segeln.de\/index.php?rest_route=\/wp\/v2\/pages\/188","targetHints":{"allow":["GET"]}}],"collection":[{"href":"https:\/\/effa-segeln.de\/index.php?rest_route=\/wp\/v2\/pages"}],"about":[{"href":"https:\/\/effa-segeln.de\/index.php?rest_route=\/wp\/v2\/types\/page"}],"author":[{"embeddable":true,"href":"https:\/\/effa-segeln.de\/index.php?rest_route=\/wp\/v2\/users\/1"}],"replies":[{"embeddable":true,"href":"https:\/\/effa-segeln.de\/index.php?rest_route=%2Fwp%2Fv2%2Fcomments&post=188"}],"version-history":[{"count":6,"href":"https:\/\/effa-segeln.de\/index.php?rest_route=\/wp\/v2\/pages\/188\/revisions"}],"predecessor-version":[{"id":1118,"href":"https:\/\/effa-segeln.de\/index.php?rest_route=\/wp\/v2\/pages\/188\/revisions\/1118"}],"wp:attachment":[{"href":"https:\/\/effa-segeln.de\/index.php?rest_route=%2Fwp%2Fv2%2Fmedia&parent=188"}],"curies":[{"name":"wp","href":"https:\/\/api.w.org\/{rel}","templated":true}]}}