{"id":22,"date":"2021-12-19T14:56:01","date_gmt":"2021-12-19T13:56:01","guid":{"rendered":"https:\/\/neu.effa-segeln.de\/?page_id=22"},"modified":"2026-04-08T05:56:47","modified_gmt":"2026-04-08T03:56:47","slug":"die-exodus","status":"publish","type":"page","link":"https:\/\/effa-segeln.de\/?page_id=22","title":{"rendered":"Die Exodus"},"content":{"rendered":"\n<h2 class=\"wp-block-heading\">Steckbrief des Jugendsegelkutters<\/h2>\n\n\n<div class=\"wp-block-image\">\n<figure data-wp-context=\"{&quot;imageId&quot;:&quot;69f4dd1ce2f42&quot;}\" data-wp-interactive=\"core\/image\" data-wp-key=\"69f4dd1ce2f42\" class=\"aligncenter size-full wp-lightbox-container\"><img loading=\"lazy\" decoding=\"async\" width=\"773\" height=\"515\" data-wp-class--hide=\"state.isContentHidden\" data-wp-class--show=\"state.isContentVisible\" data-wp-init=\"callbacks.setButtonStyles\" data-wp-on--click=\"actions.showLightbox\" data-wp-on--load=\"callbacks.setButtonStyles\" data-wp-on-window--resize=\"callbacks.setButtonStyles\" sizes=\"auto, (max-width: 773px) 100vw, 773px\" src=\"https:\/\/effa-segeln.de\/wp-content\/uploads\/2022\/09\/DSC06089-edited.jpg\" alt=\"Bild der Exodus unter Segeln\" class=\"wp-image-282\" srcset=\"https:\/\/effa-segeln.de\/wp-content\/uploads\/2022\/09\/DSC06089-edited.jpg 773w, https:\/\/effa-segeln.de\/wp-content\/uploads\/2022\/09\/DSC06089-edited-300x200.jpg 300w, https:\/\/effa-segeln.de\/wp-content\/uploads\/2022\/09\/DSC06089-edited-768x512.jpg 768w\" \/><button\n\t\t\tclass=\"lightbox-trigger\"\n\t\t\ttype=\"button\"\n\t\t\taria-haspopup=\"dialog\"\n\t\t\taria-label=\"Vergr\u00f6\u00dfern\"\n\t\t\tdata-wp-init=\"callbacks.initTriggerButton\"\n\t\t\tdata-wp-on--click=\"actions.showLightbox\"\n\t\t\tdata-wp-style--right=\"state.imageButtonRight\"\n\t\t\tdata-wp-style--top=\"state.imageButtonTop\"\n\t\t>\n\t\t\t<svg xmlns=\"http:\/\/www.w3.org\/2000\/svg\" width=\"12\" height=\"12\" fill=\"none\" viewBox=\"0 0 12 12\">\n\t\t\t\t<path fill=\"#fff\" d=\"M2 0a2 2 0 0 0-2 2v2h1.5V2a.5.5 0 0 1 .5-.5h2V0H2Zm2 10.5H2a.5.5 0 0 1-.5-.5V8H0v2a2 2 0 0 0 2 2h2v-1.5ZM8 12v-1.5h2a.5.5 0 0 0 .5-.5V8H12v2a2 2 0 0 1-2 2H8Zm2-12a2 2 0 0 1 2 2v2h-1.5V2a.5.5 0 0 0-.5-.5H8V0h2Z\" \/>\n\t\t\t<\/svg>\n\t\t<\/button><figcaption class=\"wp-element-caption\">Die Exodus unter vollen Segeln<\/figcaption><\/figure>\n<\/div>\n\n\n<figure data-wp-context=\"{&quot;imageId&quot;:&quot;69f4dd1ce3377&quot;}\" data-wp-interactive=\"core\/image\" data-wp-key=\"69f4dd1ce3377\" class=\"wp-block-image alignwide size-large is-style-default wp-lightbox-container\"><img data-dominant-color=\"b9aeaf\" data-has-transparency=\"false\" style=\"--dominant-color: #b9aeaf;\" loading=\"lazy\" decoding=\"async\" width=\"1024\" height=\"226\" data-wp-class--hide=\"state.isContentHidden\" data-wp-class--show=\"state.isContentVisible\" data-wp-init=\"callbacks.setButtonStyles\" data-wp-on--click=\"actions.showLightbox\" data-wp-on--load=\"callbacks.setButtonStyles\" data-wp-on-window--resize=\"callbacks.setButtonStyles\" sizes=\"auto, (max-width: 1024px) 100vw, 1024px\" src=\"https:\/\/effa-segeln.de\/wp-content\/uploads\/2024\/03\/Screenshot-2024-03-04-154340-1024x226.webp\" alt=\"\" class=\"wp-image-862 not-transparent\" srcset=\"https:\/\/effa-segeln.de\/wp-content\/uploads\/2024\/03\/Screenshot-2024-03-04-154340-1024x226.webp 1024w, https:\/\/effa-segeln.de\/wp-content\/uploads\/2024\/03\/Screenshot-2024-03-04-154340-300x66.webp 300w, https:\/\/effa-segeln.de\/wp-content\/uploads\/2024\/03\/Screenshot-2024-03-04-154340-768x170.webp 768w, https:\/\/effa-segeln.de\/wp-content\/uploads\/2024\/03\/Screenshot-2024-03-04-154340-1536x339.webp 1536w, https:\/\/effa-segeln.de\/wp-content\/uploads\/2024\/03\/Screenshot-2024-03-04-154340-2048x452.webp 2048w, https:\/\/effa-segeln.de\/wp-content\/uploads\/2024\/03\/Screenshot-2024-03-04-154340-1200x265.webp 1200w, https:\/\/effa-segeln.de\/wp-content\/uploads\/2024\/03\/Screenshot-2024-03-04-154340-1980x437.webp 1980w\" \/><button\n\t\t\tclass=\"lightbox-trigger\"\n\t\t\ttype=\"button\"\n\t\t\taria-haspopup=\"dialog\"\n\t\t\taria-label=\"Vergr\u00f6\u00dfern\"\n\t\t\tdata-wp-init=\"callbacks.initTriggerButton\"\n\t\t\tdata-wp-on--click=\"actions.showLightbox\"\n\t\t\tdata-wp-style--right=\"state.imageButtonRight\"\n\t\t\tdata-wp-style--top=\"state.imageButtonTop\"\n\t\t>\n\t\t\t<svg xmlns=\"http:\/\/www.w3.org\/2000\/svg\" width=\"12\" height=\"12\" fill=\"none\" viewBox=\"0 0 12 12\">\n\t\t\t\t<path fill=\"#fff\" d=\"M2 0a2 2 0 0 0-2 2v2h1.5V2a.5.5 0 0 1 .5-.5h2V0H2Zm2 10.5H2a.5.5 0 0 1-.5-.5V8H0v2a2 2 0 0 0 2 2h2v-1.5ZM8 12v-1.5h2a.5.5 0 0 0 .5-.5V8H12v2a2 2 0 0 1-2 2H8Zm2-12a2 2 0 0 1 2 2v2h-1.5V2a.5.5 0 0 0-.5-.5H8V0h2Z\" \/>\n\t\t\t<\/svg>\n\t\t<\/button><\/figure>\n\n\n\n<div class=\"wp-block-columns is-layout-flex wp-container-core-columns-is-layout-9d6595d7 wp-block-columns-is-layout-flex\">\n<div class=\"wp-block-column is-layout-flow wp-block-column-is-layout-flow\" style=\"flex-basis:50%\">\n<p>Eigner: Evangelische Kirchengemeinde Kleve seit 1978<br><br>Betreiber: Evangelische Jugend Kleve<br><br>Heimathafen: 47533 Kleve (Ndrh.)<br><br>Rufzeichen: EXODUS \u201eDB6963\u201c;<br><br>MNSI: 211974730; ATIS: 9211026963<br><br>Bauart: Spitzgatt-Segelschoner Klinkerbau Yellowpine auf Eiche mit Schwert und Kimmkielen <br><br>Baujahr: ca. 1952 in der Nagasaki Bucht in Japan als offenes Rettungsboot No. 2 f\u00fcr 70 Personen f\u00fcr den St\u00fcckgutfrachter MS Kokoh Maru aus Kobe gebaut. Dieser wurde sp\u00e4ter als MS Costima nach Zypern verkauft und dann in den 70 Jahren in Rotterdam abgewrackt. Das Rettungsboot wurde 1978 in Amsterdam f\u00fcr 6.250,- hfl von der Evangelischen Kirchengemeinde Kleve gekauft<br><br>Ausbau: 1978\/79 Umbau zur Segelketsch (ab 2005 Segelschoner) durch die Segelgruppe der Evangelischen Jugend Kleve mit Unterst\u00fctzung durch die Stadt Kleve.<br>Jedes Winterlager werden umfangreiche Wartungs- und Erneuerungsarbeiten zur Erhaltung des Schiffes von der Segelgruppe der Evangelischen Jugend Kleve durchgef\u00fchrt.<br>Klasse: seit 1990 als Yacht Z3 f\u00fcr 12 Personen<\/p>\n<\/div>\n\n\n\n<div class=\"wp-block-column is-layout-flow wp-block-column-is-layout-flow\" style=\"flex-basis:50%\">\n<p>Klassifiziert vom Register Holland No.: Y9109<\/p>\n\n\n\n<p>Fahrgebiet: Nord- &amp; Ostsee bis 30 Meilen vor der K\u00fcste<\/p>\n\n\n\n<p>Besatzung: max. 12 Personen<\/p>\n\n\n\n<p>Abmessungen: L\u00e4nge: 9,60 m Rumpf, 14,70 m \u00fc. Alles<br>Breite: 3,25 m<\/p>\n\n\n\n<p>Tiefgang: 1,1 m (2,1 m mit Schwert)<\/p>\n\n\n\n<p>Masth\u00f6he: 10,4 m<br>Verdr\u00e4ngung: max. 10 Tonnen<\/p>\n\n\n\n<p>Segelfl\u00e4che: 72 m\u00b2 mit 5 Segeln am Wind<\/p>\n\n\n\n<p>Motor: Deutz F4M1011F; 37,9 kW (51,5 PS) Bj. 1998<\/p>\n<\/div>\n<\/div>\n\n\n\n<p>Die Exodus ist mit AIS (Automatic Identification System) ausgestattet. \u00dcber dieses System l\u00e4sst sich der letzte bekannte Standort bei verschiedenen Diensten<a href=\"https:\/\/www.marinetraffic.com\/en\/ais\/home\/shipid:3973722\/zoom:14\"> online abfragen. <\/a>(externer Link)<\/p>\n\n\n\n<figure class=\"wp-block-gallery has-nested-images columns-default is-cropped wp-block-gallery-1 is-layout-flex wp-block-gallery-is-layout-flex\">\n<figure class=\"wp-block-image size-large\"><img loading=\"lazy\" decoding=\"async\" width=\"768\" height=\"1024\" sizes=\"auto, (max-width: 768px) 100vw, 768px\" data-id=\"350\" src=\"https:\/\/effa-segeln.de\/wp-content\/uploads\/2022\/11\/IMG_20220613_084004-768x1024.jpg\" alt=\"\" class=\"wp-image-350\" srcset=\"https:\/\/effa-segeln.de\/wp-content\/uploads\/2022\/11\/IMG_20220613_084004-768x1024.jpg 768w, https:\/\/effa-segeln.de\/wp-content\/uploads\/2022\/11\/IMG_20220613_084004-225x300.jpg 225w, https:\/\/effa-segeln.de\/wp-content\/uploads\/2022\/11\/IMG_20220613_084004-1152x1536.jpg 1152w, https:\/\/effa-segeln.de\/wp-content\/uploads\/2022\/11\/IMG_20220613_084004-1536x2048.jpg 1536w, https:\/\/effa-segeln.de\/wp-content\/uploads\/2022\/11\/IMG_20220613_084004-1200x1600.jpg 1200w, https:\/\/effa-segeln.de\/wp-content\/uploads\/2022\/11\/IMG_20220613_084004.jpg 1920w\" \/><figcaption class=\"wp-element-caption\">Unter Deck<\/figcaption><\/figure>\n\n\n\n<figure class=\"wp-block-image size-large\"><img loading=\"lazy\" decoding=\"async\" width=\"768\" height=\"1024\" sizes=\"auto, (max-width: 768px) 100vw, 768px\" data-id=\"347\" src=\"https:\/\/effa-segeln.de\/wp-content\/uploads\/2022\/11\/tinywow_IMG_20220613_084106_8177404-768x1024.jpg\" alt=\"\" class=\"wp-image-347\" srcset=\"https:\/\/effa-segeln.de\/wp-content\/uploads\/2022\/11\/tinywow_IMG_20220613_084106_8177404-768x1024.jpg 768w, https:\/\/effa-segeln.de\/wp-content\/uploads\/2022\/11\/tinywow_IMG_20220613_084106_8177404-225x300.jpg 225w, https:\/\/effa-segeln.de\/wp-content\/uploads\/2022\/11\/tinywow_IMG_20220613_084106_8177404-1152x1536.jpg 1152w, https:\/\/effa-segeln.de\/wp-content\/uploads\/2022\/11\/tinywow_IMG_20220613_084106_8177404-1536x2048.jpg 1536w, https:\/\/effa-segeln.de\/wp-content\/uploads\/2022\/11\/tinywow_IMG_20220613_084106_8177404-1200x1600.jpg 1200w, https:\/\/effa-segeln.de\/wp-content\/uploads\/2022\/11\/tinywow_IMG_20220613_084106_8177404.jpg 1920w\" \/><figcaption class=\"wp-element-caption\">Vorluk <\/figcaption><\/figure>\n\n\n\n<figure class=\"wp-block-image size-large\"><img loading=\"lazy\" decoding=\"async\" width=\"768\" height=\"1024\" sizes=\"auto, (max-width: 768px) 100vw, 768px\" data-id=\"348\" src=\"https:\/\/effa-segeln.de\/wp-content\/uploads\/2022\/11\/IMG_20220613_083953-768x1024.jpg\" alt=\"\" class=\"wp-image-348\" srcset=\"https:\/\/effa-segeln.de\/wp-content\/uploads\/2022\/11\/IMG_20220613_083953-768x1024.jpg 768w, https:\/\/effa-segeln.de\/wp-content\/uploads\/2022\/11\/IMG_20220613_083953-225x300.jpg 225w, https:\/\/effa-segeln.de\/wp-content\/uploads\/2022\/11\/IMG_20220613_083953-1152x1536.jpg 1152w, https:\/\/effa-segeln.de\/wp-content\/uploads\/2022\/11\/IMG_20220613_083953-1536x2048.jpg 1536w, https:\/\/effa-segeln.de\/wp-content\/uploads\/2022\/11\/IMG_20220613_083953-1200x1600.jpg 1200w, https:\/\/effa-segeln.de\/wp-content\/uploads\/2022\/11\/IMG_20220613_083953.jpg 1920w\" \/><figcaption class=\"wp-element-caption\">Komb\u00fcse<\/figcaption><\/figure>\n\n\n\n<figure class=\"wp-block-image size-large\"><img loading=\"lazy\" decoding=\"async\" width=\"768\" height=\"1024\" sizes=\"auto, (max-width: 768px) 100vw, 768px\" data-id=\"351\" src=\"https:\/\/effa-segeln.de\/wp-content\/uploads\/2022\/11\/IMG_20220613_083709-768x1024.jpg\" alt=\"\" class=\"wp-image-351\" srcset=\"https:\/\/effa-segeln.de\/wp-content\/uploads\/2022\/11\/IMG_20220613_083709-768x1024.jpg 768w, https:\/\/effa-segeln.de\/wp-content\/uploads\/2022\/11\/IMG_20220613_083709-225x300.jpg 225w, https:\/\/effa-segeln.de\/wp-content\/uploads\/2022\/11\/IMG_20220613_083709-1152x1536.jpg 1152w, https:\/\/effa-segeln.de\/wp-content\/uploads\/2022\/11\/IMG_20220613_083709-1536x2048.jpg 1536w, https:\/\/effa-segeln.de\/wp-content\/uploads\/2022\/11\/IMG_20220613_083709-1200x1600.jpg 1200w, https:\/\/effa-segeln.de\/wp-content\/uploads\/2022\/11\/IMG_20220613_083709.jpg 1920w\" \/><figcaption class=\"wp-element-caption\">Unsere Bordtoilette<\/figcaption><\/figure>\n\n\n\n<figure class=\"wp-block-image size-large\"><img loading=\"lazy\" decoding=\"async\" width=\"1024\" height=\"768\" sizes=\"auto, (max-width: 1024px) 100vw, 1024px\" data-id=\"346\" src=\"https:\/\/effa-segeln.de\/wp-content\/uploads\/2022\/11\/tinywow_IMG_20220613_121747_8177192-1024x768.jpg\" alt=\"\" class=\"wp-image-346\" srcset=\"https:\/\/effa-segeln.de\/wp-content\/uploads\/2022\/11\/tinywow_IMG_20220613_121747_8177192-1024x768.jpg 1024w, https:\/\/effa-segeln.de\/wp-content\/uploads\/2022\/11\/tinywow_IMG_20220613_121747_8177192-300x225.jpg 300w, https:\/\/effa-segeln.de\/wp-content\/uploads\/2022\/11\/tinywow_IMG_20220613_121747_8177192-768x576.jpg 768w, https:\/\/effa-segeln.de\/wp-content\/uploads\/2022\/11\/tinywow_IMG_20220613_121747_8177192-1536x1152.jpg 1536w, https:\/\/effa-segeln.de\/wp-content\/uploads\/2022\/11\/tinywow_IMG_20220613_121747_8177192-2048x1536.jpg 2048w, https:\/\/effa-segeln.de\/wp-content\/uploads\/2022\/11\/tinywow_IMG_20220613_121747_8177192-1200x900.jpg 1200w, https:\/\/effa-segeln.de\/wp-content\/uploads\/2022\/11\/tinywow_IMG_20220613_121747_8177192-1980x1485.jpg 1980w\" \/><figcaption class=\"wp-element-caption\">Komb\u00fcse<\/figcaption><\/figure>\n\n\n\n<figure class=\"wp-block-image size-large\"><img loading=\"lazy\" decoding=\"async\" width=\"1024\" height=\"768\" data-id=\"178\" src=\"https:\/\/effa-segeln.de\/wp-content\/uploads\/2021\/12\/S7301516.jpg\" alt=\"\" class=\"wp-image-178\" srcset=\"https:\/\/effa-segeln.de\/wp-content\/uploads\/2021\/12\/S7301516.jpg 1024w, https:\/\/effa-segeln.de\/wp-content\/uploads\/2021\/12\/S7301516-300x225.jpg 300w, https:\/\/effa-segeln.de\/wp-content\/uploads\/2021\/12\/S7301516-768x576.jpg 768w\" sizes=\"auto, (max-width: 1024px) 100vw, 1024px\" \/><\/figure>\n\n\n\n<figure class=\"wp-block-image size-large\"><img loading=\"lazy\" decoding=\"async\" width=\"1024\" height=\"768\" data-id=\"176\" src=\"https:\/\/effa-segeln.de\/wp-content\/uploads\/2021\/12\/IMG_20211029_194245.jpg\" alt=\"\" class=\"wp-image-176\" srcset=\"https:\/\/effa-segeln.de\/wp-content\/uploads\/2021\/12\/IMG_20211029_194245.jpg 1024w, https:\/\/effa-segeln.de\/wp-content\/uploads\/2021\/12\/IMG_20211029_194245-300x225.jpg 300w, https:\/\/effa-segeln.de\/wp-content\/uploads\/2021\/12\/IMG_20211029_194245-768x576.jpg 768w\" sizes=\"auto, (max-width: 1024px) 100vw, 1024px\" \/><\/figure>\n<\/figure>\n\n\n\n<div class=\"wp-block-columns is-layout-flex wp-container-core-columns-is-layout-9d6595d7 wp-block-columns-is-layout-flex\">\n<div class=\"wp-block-column is-layout-flow wp-block-column-is-layout-flow\">\n<h2 class=\"wp-block-heading\">Unsere Festschrift zum 40-j\u00e4hrigen Jubil\u00e4um 2019<\/h2>\n\n\n\n<p><a href=\"http:\/\/&lt;div class=&quot;_df_book df-lite&quot; id=&quot;df_1381&quot;  _slug=&quot;1381&quot; data-title=&quot;festschrift-zum-40-jaehrigen-jubilaeum&quot; wpoptions=&quot;true&quot; thumb=&quot;https:\/\/effa-segeln.de\/wp-content\/uploads\/2025\/03\/Festschrift.png&quot; thumbtype=&quot;&quot; &gt;&lt;\/div&gt;&lt;script class=&quot;df-shortcode-script&quot; nowprocket type=&quot;application\/javascript&quot;&gt;window.option_df_1381 = {&quot;outline&quot;:[],&quot;autoEnableOutline&quot;:&quot;false&quot;,&quot;autoEnableThumbnail&quot;:&quot;false&quot;,&quot;overwritePDFOutline&quot;:&quot;false&quot;,&quot;direction&quot;:&quot;1&quot;,&quot;pageSize&quot;:&quot;0&quot;,&quot;source&quot;:&quot;https:\\\/\\\/effa-segeln.de\\\/wp-content\\\/uploads\\\/2025\\\/03\\\/Exodus_Festschrift_Webseite-web.pdf&quot;,&quot;wpOptions&quot;:&quot;true&quot;}; if(window.DFLIP &amp;&amp; window.DFLIP.parseBooks){window.DFLIP.parseBooks();}&lt;\/script&gt;\"><div class=\"_df_book df-lite\" id=\"df_1381\"  _slug=\"1381\" data-title=\"festschrift-zum-40-jaehrigen-jubilaeum\" wpoptions=\"true\" thumb=\"https:\/\/effa-segeln.de\/wp-content\/uploads\/2025\/03\/Festschrift.png\" thumbtype=\"\" ><\/div><script class=\"df-shortcode-script\" nowprocket type=\"application\/javascript\">window.option_df_1381 = {\"outline\":[],\"autoEnableOutline\":\"false\",\"autoEnableThumbnail\":\"false\",\"overwritePDFOutline\":\"false\",\"direction\":\"1\",\"pageSize\":\"0\",\"source\":\"https:\\\/\\\/effa-segeln.de\\\/wp-content\\\/uploads\\\/2025\\\/03\\\/Exodus_Festschrift_Webseite-web.pdf\",\"wpOptions\":\"true\"}; if(window.DFLIP && window.DFLIP.parseBooks){window.DFLIP.parseBooks();}<\/script><\/a><\/p>\n<\/div>\n<\/div>\n\n\n\n<p><\/p>\n","protected":false},"excerpt":{"rendered":"<p>Steckbrief des Jugendsegelkutters Eigner: Evangelische Kirchengemeinde Kleve seit 1978 Betreiber: Evangelische Jugend Kleve Heimathafen: 47533 Kleve (Ndrh.) Rufzeichen: EXODUS \u201eDB6963\u201c; MNSI: 211974730; ATIS: 9211026963 Bauart: Spitzgatt-Segelschoner Klinkerbau Yellowpine auf Eiche mit Schwert und Kimmkielen Baujahr: ca. 1952 in der Nagasaki Bucht in Japan als offenes Rettungsboot No. 2 f\u00fcr 70 Personen f\u00fcr den St\u00fcckgutfrachter MS [&hellip;]<\/p>\n","protected":false},"author":2,"featured_media":0,"parent":0,"menu_order":20,"comment_status":"closed","ping_status":"closed","template":"templates\/template-full-width.php","meta":{"ngg_post_thumbnail":0,"footnotes":""},"class_list":["post-22","page","type-page","status-publish","hentry"],"_links":{"self":[{"href":"https:\/\/effa-segeln.de\/index.php?rest_route=\/wp\/v2\/pages\/22","targetHints":{"allow":["GET"]}}],"collection":[{"href":"https:\/\/effa-segeln.de\/index.php?rest_route=\/wp\/v2\/pages"}],"about":[{"href":"https:\/\/effa-segeln.de\/index.php?rest_route=\/wp\/v2\/types\/page"}],"author":[{"embeddable":true,"href":"https:\/\/effa-segeln.de\/index.php?rest_route=\/wp\/v2\/users\/2"}],"replies":[{"embeddable":true,"href":"https:\/\/effa-segeln.de\/index.php?rest_route=%2Fwp%2Fv2%2Fcomments&post=22"}],"version-history":[{"count":32,"href":"https:\/\/effa-segeln.de\/index.php?rest_route=\/wp\/v2\/pages\/22\/revisions"}],"predecessor-version":[{"id":1748,"href":"https:\/\/effa-segeln.de\/index.php?rest_route=\/wp\/v2\/pages\/22\/revisions\/1748"}],"wp:attachment":[{"href":"https:\/\/effa-segeln.de\/index.php?rest_route=%2Fwp%2Fv2%2Fmedia&parent=22"}],"curies":[{"name":"wp","href":"https:\/\/api.w.org\/{rel}","templated":true}]}}