{"id":456,"date":"2023-07-27T21:38:35","date_gmt":"2023-07-27T19:38:35","guid":{"rendered":"https:\/\/neu.effa-segeln.de\/?page_id=456"},"modified":"2024-11-09T19:48:10","modified_gmt":"2024-11-09T18:48:10","slug":"freizeitberichte","status":"publish","type":"page","link":"https:\/\/effa-segeln.de\/?page_id=456","title":{"rendered":"Neuigkeiten"},"content":{"rendered":"<ul class=\"wp-block-latest-posts__list has-dates aligncenter wp-block-latest-posts has-large-font-size\"><li><a class=\"wp-block-latest-posts__post-title\" href=\"https:\/\/effa-segeln.de\/?p=1751\">Ostert\u00f6rn I 2026<\/a><time datetime=\"2026-04-21T18:22:58+02:00\" class=\"wp-block-latest-posts__post-date\">21.04.2026<\/time><div class=\"wp-block-latest-posts__post-excerpt\">Der erste T\u00f6rn der Saison startete am Bootshaus der KSG in Kleve. Nach den letzten Vorbereitungen brachen wir in Richtung Rhein auf, um dann \u00fcber die Ijssel bis nach Zutphen zu fahren. Die Talfahrt verbrachte die Crew damit sich besser kennenzulernen und abwechselnd das Steuer zu \u00fcbernehmen. In Zutphen legten wir dann bei sch\u00f6nstem Fr\u00fchlingswetter\u2026\u00a0<a class=\"wp-block-latest-posts__read-more\" href=\"https:\/\/effa-segeln.de\/?p=1751\" rel=\"noopener noreferrer\"><span class=\"screen-reader-text\">Ostert\u00f6rn I 2026 <\/span>weiterlesen<\/a><\/div><\/li>\n<li><div class=\"wp-block-latest-posts__featured-image alignright\"><a href=\"https:\/\/effa-segeln.de\/?p=1740\" aria-label=\"Der Winter ist vorbei und die Exodus zur\u00fcck im Wasser\"><img loading=\"lazy\" decoding=\"async\" width=\"150\" height=\"150\" src=\"https:\/\/effa-segeln.de\/wp-content\/uploads\/2026\/03\/P3220364-150x150-jpg.webp\" class=\"attachment-thumbnail size-thumbnail not-transparent wp-post-image\" alt=\"Exodus am Altrhein in Kleve mit vielen Menschen an Bord bei einer Ausfahrt\" style=\"--dominant-color: #a0aaae;max-width:150px;max-height:150px;\" data-has-transparency=\"false\" data-dominant-color=\"a0aaae\" \/><\/a><\/div><a class=\"wp-block-latest-posts__post-title\" href=\"https:\/\/effa-segeln.de\/?p=1740\">Der Winter ist vorbei und die Exodus zur\u00fcck im Wasser<\/a><time datetime=\"2026-03-22T19:15:37+01:00\" class=\"wp-block-latest-posts__post-date\">22.03.2026<\/time><div class=\"wp-block-latest-posts__post-excerpt\">Heute am Sonntag fand der j\u00e4hrliche Tag der offenen Luke statt. Am Steg der Klever Segelgemeinschaft in Brienen nutzten zahlreiche Besucher bei bestem Wetter die Gelegenheit die Exodus nach ihren Refit wieder im Wasser zu begr\u00fc\u00dfen. Im Winter wurden Lackschichten erneuert und Schadstellen im Holz ausgebessert. Au\u00dferdem gab es auch einige Neuerungen in der Batterietechnick\u2026\u00a0<a class=\"wp-block-latest-posts__read-more\" href=\"https:\/\/effa-segeln.de\/?p=1740\" rel=\"noopener noreferrer\"><span class=\"screen-reader-text\">Der Winter ist vorbei und die Exodus zur\u00fcck im Wasser <\/span>weiterlesen<\/a><\/div><\/li>\n<li><div class=\"wp-block-latest-posts__featured-image alignright\"><a href=\"https:\/\/effa-segeln.de\/?p=1713\" aria-label=\"Tag der offenen Luke\"><img loading=\"lazy\" decoding=\"async\" width=\"150\" height=\"150\" src=\"https:\/\/effa-segeln.de\/wp-content\/uploads\/2024\/03\/Screenshot-2024-03-20-100800-1-150x150.webp\" class=\"attachment-thumbnail size-thumbnail not-transparent wp-post-image\" alt=\"\" style=\"--dominant-color: #767e8c;max-width:150px;max-height:150px;\" data-has-transparency=\"false\" data-dominant-color=\"767e8c\" \/><\/a><\/div><a class=\"wp-block-latest-posts__post-title\" href=\"https:\/\/effa-segeln.de\/?p=1713\">Tag der offenen Luke<\/a><time datetime=\"2026-01-31T09:53:02+01:00\" class=\"wp-block-latest-posts__post-date\">31.01.2026<\/time><div class=\"wp-block-latest-posts__post-excerpt\">Am 22.03.2025 ab 12 Uhr in Kleve an der Schleuse in Brienen. Die Tage werden wieder l\u00e4nger, die Reparatur- und Wartungsarbeiten an der EXODUS schreiten voran und so freuen wir uns schon auf den Saisonstart kurz vor Ostern! Zu diesem laden wir alle Interessierten herzlich ein, er bietet die M\u00f6glichkeit sich das Schiff fertig ausgestattet\u2026\u00a0<a class=\"wp-block-latest-posts__read-more\" href=\"https:\/\/effa-segeln.de\/?p=1713\" rel=\"noopener noreferrer\"><span class=\"screen-reader-text\">Tag der offenen Luke <\/span>weiterlesen<\/a><\/div><\/li>\n<li><div class=\"wp-block-latest-posts__featured-image alignright\"><a href=\"https:\/\/effa-segeln.de\/?p=1710\" aria-label=\"EXODUS Kollektion\"><img loading=\"lazy\" decoding=\"async\" width=\"150\" height=\"150\" src=\"https:\/\/effa-segeln.de\/wp-content\/uploads\/2025\/11\/Screenshot-2025-11-20-184124-1-150x150-png.webp\" class=\"attachment-thumbnail size-thumbnail not-transparent wp-post-image\" alt=\"\" style=\"--dominant-color: #d7cfc9;max-width:150px;max-height:150px;\" data-has-transparency=\"false\" data-dominant-color=\"d7cfc9\" \/><\/a><\/div><a class=\"wp-block-latest-posts__post-title\" href=\"https:\/\/effa-segeln.de\/?p=1710\">EXODUS Kollektion<\/a><time datetime=\"2026-01-31T09:42:48+01:00\" class=\"wp-block-latest-posts__post-date\">31.01.2026<\/time><div class=\"wp-block-latest-posts__post-excerpt\">Wir haben ab sofort unseren eigenen Shop, in dem ihr EXODUS TShirts, Pullover und vieles mehr kaufen k\u00f6nnt. Schaut gerne mal vorbei: https:\/\/shop.teamshirts.de\/exodus<\/div><\/li>\n<li><div class=\"wp-block-latest-posts__featured-image alignright\"><a href=\"https:\/\/effa-segeln.de\/?p=1663\" aria-label=\"\u00dcberleben auf See Training\"><img loading=\"lazy\" decoding=\"async\" width=\"150\" height=\"150\" src=\"https:\/\/effa-segeln.de\/wp-content\/uploads\/2026\/01\/25-12-29-13-20-16-3645-150x150-jpg.webp\" class=\"attachment-thumbnail size-thumbnail not-transparent wp-post-image\" alt=\"\" style=\"--dominant-color: #498493;max-width:150px;max-height:150px;\" data-has-transparency=\"false\" data-dominant-color=\"498493\" \/><\/a><\/div><a class=\"wp-block-latest-posts__post-title\" href=\"https:\/\/effa-segeln.de\/?p=1663\">\u00dcberleben auf See Training<\/a><time datetime=\"2026-01-05T17:12:09+01:00\" class=\"wp-block-latest-posts__post-date\">05.01.2026<\/time><div class=\"wp-block-latest-posts__post-excerpt\">Im Rahmen der diesj\u00e4hrigen Winterlager-Werkwoche der Segelgruppe der Evangelischen Jugend Kleve fand am Montag, den 29.12., ein besonderes Highlight statt: ein intensives Sicherheits- und \u00dcberlebenstraining im Schwimmbad Embricana in Emmerich. Die 25 Teilnehmenden waren sowohl jugendliche Mitseglerinnen und Mitsegler der Exodus als auch die ehrenamtlichen Skipperinnen und Skipper, die die Segelt\u00f6rns begleiten und verantworten. M\u00f6glich\u2026\u00a0<a class=\"wp-block-latest-posts__read-more\" href=\"https:\/\/effa-segeln.de\/?p=1663\" rel=\"noopener noreferrer\"><span class=\"screen-reader-text\">\u00dcberleben auf See Training <\/span>weiterlesen<\/a><\/div><\/li>\n<li><div class=\"wp-block-latest-posts__featured-image alignright\"><a href=\"https:\/\/effa-segeln.de\/?p=1652\" aria-label=\"Werkwoche 2025\"><img loading=\"lazy\" decoding=\"async\" width=\"150\" height=\"150\" src=\"https:\/\/effa-segeln.de\/wp-content\/uploads\/2026\/01\/20251228_151140-150x150-jpg.webp\" class=\"attachment-thumbnail size-thumbnail not-transparent wp-post-image\" alt=\"\" style=\"--dominant-color: #84756c;max-width:150px;max-height:150px;\" data-has-transparency=\"false\" data-dominant-color=\"84756c\" \/><\/a><\/div><a class=\"wp-block-latest-posts__post-title\" href=\"https:\/\/effa-segeln.de\/?p=1652\">Werkwoche 2025<\/a><time datetime=\"2026-01-05T16:57:41+01:00\" class=\"wp-block-latest-posts__post-date\">05.01.2026<\/time><div class=\"wp-block-latest-posts__post-excerpt\">Direkt nach Weihnachten, am 27.12., startete unsere diesj\u00e4hrige Werkwoche im Winterlager an der Benzstra\u00dfe. Viele flei\u00dfige Helfer*innen machten sich auf den Weg nach Kleve, um gemeinsam an der Exodus, dem Dinghi sowie an Masten und Spieren zu arbeiten. Alte und neue Gesichter kamen zusammen \u2013 einige kannte man schon von den letzten Werkwochen, andere waren\u2026\u00a0<a class=\"wp-block-latest-posts__read-more\" href=\"https:\/\/effa-segeln.de\/?p=1652\" rel=\"noopener noreferrer\"><span class=\"screen-reader-text\">Werkwoche 2025 <\/span>weiterlesen<\/a><\/div><\/li>\n<li><div class=\"wp-block-latest-posts__featured-image alignright\"><a href=\"https:\/\/effa-segeln.de\/?p=1562\" aria-label=\"T\u00f6rnbericht Herbst 2 2025\"><img loading=\"lazy\" decoding=\"async\" width=\"150\" height=\"150\" src=\"https:\/\/effa-segeln.de\/wp-content\/uploads\/2025\/11\/20251026_115922-150x150-jpg.webp\" class=\"attachment-thumbnail size-thumbnail not-transparent wp-post-image\" alt=\"Gruppenbild des Herbstt\u00f6rns 2 an Bord der Exodus mit gelegten Masten\" style=\"--dominant-color: #818288;max-width:150px;max-height:150px;\" data-has-transparency=\"false\" data-dominant-color=\"818288\" \/><\/a><\/div><a class=\"wp-block-latest-posts__post-title\" href=\"https:\/\/effa-segeln.de\/?p=1562\">T\u00f6rnbericht Herbst 2 2025<\/a><time datetime=\"2025-11-07T13:39:28+01:00\" class=\"wp-block-latest-posts__post-date\">07.11.2025<\/time><div class=\"wp-block-latest-posts__post-excerpt\">Der letzte T\u00f6rn des Jahres startet in Kleve. Von dort aus fahren wir nach Heeg, doch schon auf dem Weg dorthin wird uns an einer Autobahnrastst\u00e4tte das Geld aus der Tasche gezogen. Zwar mit ein paar M\u00fcnzen weniger in der Tasche kommen wir dennoch gut in Heeg an. Dort treffen wir auf den M\u00e4dels-T\u00f6rn, der\u2026\u00a0<a class=\"wp-block-latest-posts__read-more\" href=\"https:\/\/effa-segeln.de\/?p=1562\" rel=\"noopener noreferrer\"><span class=\"screen-reader-text\">T\u00f6rnbericht Herbst 2 2025 <\/span>weiterlesen<\/a><\/div><\/li>\n<li><div class=\"wp-block-latest-posts__featured-image alignright\"><a href=\"https:\/\/effa-segeln.de\/?p=1554\" aria-label=\"M\u00e4dchent\u00f6rn 2025\"><img loading=\"lazy\" decoding=\"async\" width=\"150\" height=\"150\" src=\"https:\/\/effa-segeln.de\/wp-content\/uploads\/2025\/10\/signal-2025-10-30-192624-150x150-jpeg.webp\" class=\"attachment-thumbnail size-thumbnail not-transparent wp-post-image\" alt=\"Gruppenbild des M\u00e4dchent\u00f6rns an Deck der Exodus\" style=\"--dominant-color: #786762;max-width:150px;max-height:150px;\" data-has-transparency=\"false\" data-dominant-color=\"786762\" \/><\/a><\/div><a class=\"wp-block-latest-posts__post-title\" href=\"https:\/\/effa-segeln.de\/?p=1554\">M\u00e4dchent\u00f6rn 2025<\/a><time datetime=\"2025-10-30T23:05:00+01:00\" class=\"wp-block-latest-posts__post-date\">30.10.2025<\/time><div class=\"wp-block-latest-posts__post-excerpt\">Am Samstag Morgen treffen wir uns, packen alles was wir brauchen ein und machen uns nach einem sch\u00f6nen Reisesegen endlich auf den Weg zur Exodus. Wir sitzen in einem alten, roten T4 und schnell entstehen spannende Gespr\u00e4che quer durchs Auto, w\u00e4hrend wir beginnen uns kennenzulernen. In Warns an der Exodus angekommen orientieren wir uns erstmal,\u2026\u00a0<a class=\"wp-block-latest-posts__read-more\" href=\"https:\/\/effa-segeln.de\/?p=1554\" rel=\"noopener noreferrer\"><span class=\"screen-reader-text\">M\u00e4dchent\u00f6rn 2025 <\/span>weiterlesen<\/a><\/div><\/li>\n<li><div class=\"wp-block-latest-posts__featured-image alignright\"><a href=\"https:\/\/effa-segeln.de\/?p=1500\" aria-label=\"Sommert\u00f6rn auf Bornholm\"><img loading=\"lazy\" decoding=\"async\" width=\"150\" height=\"150\" src=\"https:\/\/effa-segeln.de\/wp-content\/uploads\/2025\/08\/20250801_105821-150x150-jpg.webp\" class=\"attachment-thumbnail size-thumbnail not-transparent wp-post-image\" alt=\"\" style=\"--dominant-color: #5b6987;max-width:150px;max-height:150px;\" data-has-transparency=\"false\" data-dominant-color=\"5b6987\" \/><\/a><\/div><a class=\"wp-block-latest-posts__post-title\" href=\"https:\/\/effa-segeln.de\/?p=1500\">Sommert\u00f6rn auf Bornholm<\/a><time datetime=\"2025-08-26T22:04:08+02:00\" class=\"wp-block-latest-posts__post-date\">26.08.2025<\/time><div class=\"wp-block-latest-posts__post-excerpt\">Samstags ging es mit Reisesegen am EFFA los nach Stahlbrode unserem Treffpunkt mit der ersten Crew. Diese haben wir am Sonntagmorgen mit einem guten Fr\u00fchst\u00fcck auf die Heimreise geschickt. Dann wurde die Exodus segelklar gemacht, die Sicherheitseinweisung zusammen durchgearbeitet und noch einige Spiele auf der Hafenwiese gespielt. Nachmittags gings dann los &#8211; mit dem Wind\u2026\u00a0<a class=\"wp-block-latest-posts__read-more\" href=\"https:\/\/effa-segeln.de\/?p=1500\" rel=\"noopener noreferrer\"><span class=\"screen-reader-text\">Sommert\u00f6rn auf Bornholm <\/span>weiterlesen<\/a><\/div><\/li>\n<li><div class=\"wp-block-latest-posts__featured-image alignright\"><a href=\"https:\/\/effa-segeln.de\/?p=1477\" aria-label=\"Gemeindefest\"><img loading=\"lazy\" decoding=\"async\" width=\"150\" height=\"150\" src=\"https:\/\/effa-segeln.de\/wp-content\/uploads\/2025\/07\/signal-2025-07-08-212407_002-150x150-jpeg.webp\" class=\"attachment-thumbnail size-thumbnail not-transparent wp-post-image\" alt=\"Bild vom Stand der SeglerInnen beim Gemeindefest mit Segelboot im Hintergrund.\" style=\"--dominant-color: #8c8768;max-width:150px;max-height:150px;\" data-has-transparency=\"false\" data-dominant-color=\"8c8768\" \/><\/a><\/div><a class=\"wp-block-latest-posts__post-title\" href=\"https:\/\/effa-segeln.de\/?p=1477\">Gemeindefest<\/a><time datetime=\"2025-07-08T22:12:29+02:00\" class=\"wp-block-latest-posts__post-date\">08.07.2025<\/time><div class=\"wp-block-latest-posts__post-excerpt\">Am letzten Sonntag fand das Gemeindefest unserer Kirchengemeinde statt. Auch wir SeglerInnen waren mit dabei! Nach einem spannenden und interaktiven Gottesdienst zum Thema &#8222;Was hei\u00dft Glauben?&#8220; ging es raus in den Hof. Leider war das Wetter nicht ganz so sommerlich wie erhofft, aber wir hatten trotzdem die M\u00f6glichkeit viele Gemeindemitglieder und BesucherInnen (wieder) zu treffen\u2026\u00a0<a class=\"wp-block-latest-posts__read-more\" href=\"https:\/\/effa-segeln.de\/?p=1477\" rel=\"noopener noreferrer\"><span class=\"screen-reader-text\">Gemeindefest <\/span>weiterlesen<\/a><\/div><\/li>\n<\/ul>\n\n\n<figure class=\"wp-block-embed is-type-wp-embed is-provider-effa-segeln wp-block-embed-effa-segeln\"><div class=\"wp-block-embed__wrapper\">\n<blockquote class=\"wp-embedded-content\" data-secret=\"Gq6raBsgsO\"><a href=\"https:\/\/effa-segeln.de\/?page_id=1029\">Archiv<\/a><\/blockquote><iframe loading=\"lazy\" class=\"wp-embedded-content\" sandbox=\"allow-scripts\" security=\"restricted\" style=\"position: absolute; visibility: hidden;\" title=\"&#8222;Archiv&#8220; &#8212; Effa - Segeln\" src=\"https:\/\/effa-segeln.de\/?page_id=1029&#038;embed=true#?secret=DCcDYqID4b#?secret=Gq6raBsgsO\" data-secret=\"Gq6raBsgsO\" width=\"580\" height=\"327\" frameborder=\"0\" marginwidth=\"0\" marginheight=\"0\" scrolling=\"no\"><\/iframe>\n<\/div><\/figure>\n","protected":false},"excerpt":{"rendered":"","protected":false},"author":1,"featured_media":0,"parent":0,"menu_order":2,"comment_status":"closed","ping_status":"closed","template":"templates\/template-full-width.php","meta":{"ngg_post_thumbnail":0,"footnotes":""},"class_list":["post-456","page","type-page","status-publish","hentry"],"_links":{"self":[{"href":"https:\/\/effa-segeln.de\/index.php?rest_route=\/wp\/v2\/pages\/456","targetHints":{"allow":["GET"]}}],"collection":[{"href":"https:\/\/effa-segeln.de\/index.php?rest_route=\/wp\/v2\/pages"}],"about":[{"href":"https:\/\/effa-segeln.de\/index.php?rest_route=\/wp\/v2\/types\/page"}],"author":[{"embeddable":true,"href":"https:\/\/effa-segeln.de\/index.php?rest_route=\/wp\/v2\/users\/1"}],"replies":[{"embeddable":true,"href":"https:\/\/effa-segeln.de\/index.php?rest_route=%2Fwp%2Fv2%2Fcomments&post=456"}],"version-history":[{"count":30,"href":"https:\/\/effa-segeln.de\/index.php?rest_route=\/wp\/v2\/pages\/456\/revisions"}],"predecessor-version":[{"id":1033,"href":"https:\/\/effa-segeln.de\/index.php?rest_route=\/wp\/v2\/pages\/456\/revisions\/1033"}],"wp:attachment":[{"href":"https:\/\/effa-segeln.de\/index.php?rest_route=%2Fwp%2Fv2%2Fmedia&parent=456"}],"curies":[{"name":"wp","href":"https:\/\/api.w.org\/{rel}","templated":true}]}}