{"id":544,"date":"2023-10-20T17:35:17","date_gmt":"2023-10-20T15:35:17","guid":{"rendered":"https:\/\/neu.effa-segeln.de\/?page_id=544"},"modified":"2026-01-12T19:50:36","modified_gmt":"2026-01-12T18:50:36","slug":"freizeiten-2024","status":"publish","type":"page","link":"https:\/\/effa-segeln.de\/?page_id=544","title":{"rendered":"Freizeiten 2026"},"content":{"rendered":"\n<p>Reisen auf Segelschiffen ist ein besonderes Abenteuer! Ganz besonders mit der \u201eExodus\u201c, dem Segelschiff der Evangelischen Jugend Kleve.<br>Gemeinsam mit bis zu acht anderen Jugendlichen oder jungen Erwachsenen segelst du unter der Anleitung von zwei erfahrenen Skipper*innen und lernst alles, was zum Leben an Bord eines Traditionssegelschiffes dazugeh\u00f6rt.<\/p>\n\n\n\n<p>Im Sommer 2026 wartet auf die Exodus und ihre Crew eine Reise im englischen Kanal. Die franz\u00f6sische und englische K\u00fcste mit ihren ganz besonderen Begebenheiten bieten spannende T\u00f6rntage. Auf dem Weg dorthin und von dort wieder zur\u00fcck machen wir in der Vor- und Nachsaison Halt im niederl\u00e4ndischen Wattenmeer und auf dem Ijsselmeer.<\/p>\n\n\n\n<p>In den Oster- und Herbstferien finden je zwei einw\u00f6chige Segelt\u00f6rns statt. In den Sommerferien geht es dann dreimal f\u00fcr je zwei Wochen auf See. Im August und September finden au\u00dferhalb der Schulferien drei Freizeiten f\u00fcr junge Erwachsene statt.<\/p>\n\n\n\n<p>Wie auch schon letztes Jahr wird es auch dieses Jahr wieder einen M\u00e4dchent\u00f6rn im Herbst geben!<\/p>\n\n\n\n<p>Alle Infos und Termine weiter unten.<\/p>\n\n\n\n<div class=\"wp-block-buttons is-content-justification-center is-layout-flex wp-container-core-buttons-is-layout-16018d1d wp-block-buttons-is-layout-flex\">\n<div class=\"wp-block-button is-style-fill\"><a class=\"wp-block-button__link has-text-align-center wp-element-button\" href=\"https:\/\/effa-segeln.de\/?page_id=1460\">T\u00d6rns zu teuer?<\/a><\/div>\n<\/div>\n\n\n\n<h2 class=\"wp-block-heading\">Freizeit\u00fcbersicht<\/h2>\n\n\n\n<div class=\"wp-block-columns is-layout-flex wp-container-core-columns-is-layout-9d6595d7 wp-block-columns-is-layout-flex\">\n<div class=\"wp-block-column is-layout-flow wp-block-column-is-layout-flow\" style=\"flex-basis:50%\">\n<figure class=\"wp-block-embed is-type-wp-embed is-provider-effa-segeln wp-block-embed-effa-segeln wp-container-content-432d1f4f\"><div class=\"wp-block-embed__wrapper\">\n<blockquote class=\"wp-embedded-content\" data-secret=\"QmsLtcz4N5\"><a href=\"https:\/\/effa-segeln.de\/?page_id=1560\">Ostert\u00f6rns 2026<\/a><\/blockquote><iframe loading=\"lazy\" class=\"wp-embedded-content\" sandbox=\"allow-scripts\" security=\"restricted\" style=\"position: absolute; visibility: hidden;\" title=\"&#8222;Ostert\u00f6rns 2026&#8220; &#8212; Effa - Segeln\" src=\"https:\/\/effa-segeln.de\/?page_id=1560&#038;embed=true#?secret=ZlqO0hvzAx#?secret=QmsLtcz4N5\" data-secret=\"QmsLtcz4N5\" width=\"580\" height=\"327\" frameborder=\"0\" marginwidth=\"0\" marginheight=\"0\" scrolling=\"no\"><\/iframe>\n<\/div><\/figure>\n\n\n\n<figure class=\"wp-block-embed is-type-wp-embed is-provider-effa-segeln wp-block-embed-effa-segeln wp-container-content-432d1f4f\"><div class=\"wp-block-embed__wrapper\">\n<blockquote class=\"wp-embedded-content\" data-secret=\"0cnPFXV1nw\"><a href=\"https:\/\/effa-segeln.de\/?page_id=570\">Studi-\/Azubit\u00f6rns 2026<\/a><\/blockquote><iframe loading=\"lazy\" class=\"wp-embedded-content\" sandbox=\"allow-scripts\" security=\"restricted\" style=\"position: absolute; visibility: hidden;\" title=\"&#8222;Studi-\/Azubit\u00f6rns 2026&#8220; &#8212; Effa - Segeln\" src=\"https:\/\/effa-segeln.de\/?page_id=570&#038;embed=true#?secret=jhtSL4dHLc#?secret=0cnPFXV1nw\" data-secret=\"0cnPFXV1nw\" width=\"580\" height=\"327\" frameborder=\"0\" marginwidth=\"0\" marginheight=\"0\" scrolling=\"no\"><\/iframe>\n<\/div><\/figure>\n<\/div>\n\n\n\n<div class=\"wp-block-column is-layout-flow wp-block-column-is-layout-flow\" style=\"flex-basis:50%\">\n<figure class=\"wp-block-embed is-type-wp-embed is-provider-effa-segeln wp-block-embed-effa-segeln\"><div class=\"wp-block-embed__wrapper\">\n<blockquote class=\"wp-embedded-content\" data-secret=\"7FhyjsdGrI\"><a href=\"https:\/\/effa-segeln.de\/?page_id=564\">Sommert\u00f6rns 2026<\/a><\/blockquote><iframe loading=\"lazy\" class=\"wp-embedded-content\" sandbox=\"allow-scripts\" security=\"restricted\" style=\"position: absolute; visibility: hidden;\" title=\"&#8222;Sommert\u00f6rns 2026&#8220; &#8212; Effa - Segeln\" src=\"https:\/\/effa-segeln.de\/?page_id=564&#038;embed=true#?secret=kmPpAn1CVr#?secret=7FhyjsdGrI\" data-secret=\"7FhyjsdGrI\" width=\"580\" height=\"327\" frameborder=\"0\" marginwidth=\"0\" marginheight=\"0\" scrolling=\"no\"><\/iframe>\n<\/div><\/figure>\n\n\n\n<figure class=\"wp-block-embed is-type-wp-embed is-provider-effa-segeln wp-block-embed-effa-segeln wp-container-content-432d1f4f\"><div class=\"wp-block-embed__wrapper\">\n<blockquote class=\"wp-embedded-content\" data-secret=\"lt4hE4Gl6M\"><a href=\"https:\/\/effa-segeln.de\/?page_id=1293\">Herbstt\u00f6rns 2026<\/a><\/blockquote><iframe loading=\"lazy\" class=\"wp-embedded-content\" sandbox=\"allow-scripts\" security=\"restricted\" style=\"position: absolute; visibility: hidden;\" title=\"&#8222;Herbstt\u00f6rns 2026&#8220; &#8212; Effa - Segeln\" src=\"https:\/\/effa-segeln.de\/?page_id=1293&#038;embed=true#?secret=DiRw7yz3Rp#?secret=lt4hE4Gl6M\" data-secret=\"lt4hE4Gl6M\" width=\"580\" height=\"327\" frameborder=\"0\" marginwidth=\"0\" marginheight=\"0\" scrolling=\"no\"><\/iframe>\n<\/div><\/figure>\n<\/div>\n<\/div>\n\n\n\n<div class=\"wp-block-columns alignwide is-layout-flex wp-container-core-columns-is-layout-9d6595d7 wp-block-columns-is-layout-flex\">\n<div class=\"wp-block-column is-layout-flow wp-block-column-is-layout-flow\">\n<div class=\"wp-block-cover\" style=\"min-height:350px;aspect-ratio:unset;\"><img loading=\"lazy\" decoding=\"async\" width=\"1000\" height=\"750\" sizes=\"auto, (max-width: 1000px) 100vw, 1000px\" class=\"wp-block-cover__image-background wp-image-444\" alt=\"\" src=\"https:\/\/effa-segeln.de\/wp-content\/uploads\/2023\/03\/Samsoe-bei-Saelvig.jpg\" data-object-fit=\"cover\" srcset=\"https:\/\/effa-segeln.de\/wp-content\/uploads\/2023\/03\/Samsoe-bei-Saelvig.jpg 1000w, https:\/\/effa-segeln.de\/wp-content\/uploads\/2023\/03\/Samsoe-bei-Saelvig-300x225.jpg 300w, https:\/\/effa-segeln.de\/wp-content\/uploads\/2023\/03\/Samsoe-bei-Saelvig-768x576.jpg 768w\" \/><span aria-hidden=\"true\" class=\"wp-block-cover__background has-background-dim-20 has-background-dim\"><\/span><div class=\"wp-block-cover__inner-container is-layout-flow wp-block-cover-is-layout-flow\">\n<p class=\"has-text-align-center has-background-color has-text-color has-larger-font-size\"><strong>Schwimmen am Strandtag<\/strong><\/p>\n<\/div><\/div>\n<\/div>\n\n\n\n<div class=\"wp-block-column is-layout-flow wp-block-column-is-layout-flow\">\n<div class=\"wp-block-cover is-light\" style=\"min-height:349px;aspect-ratio:unset;\"><img loading=\"lazy\" decoding=\"async\" width=\"1000\" height=\"1333\" sizes=\"auto, (max-width: 1000px) 100vw, 1000px\" class=\"wp-block-cover__image-background wp-image-445\" alt=\"\" src=\"https:\/\/effa-segeln.de\/wp-content\/uploads\/2023\/03\/Seele-baumeln-lassen.jpg\" data-object-fit=\"cover\" srcset=\"https:\/\/effa-segeln.de\/wp-content\/uploads\/2023\/03\/Seele-baumeln-lassen.jpg 1000w, https:\/\/effa-segeln.de\/wp-content\/uploads\/2023\/03\/Seele-baumeln-lassen-225x300.jpg 225w, https:\/\/effa-segeln.de\/wp-content\/uploads\/2023\/03\/Seele-baumeln-lassen-768x1024.jpg 768w\" \/><span aria-hidden=\"true\" class=\"wp-block-cover__background has-background-dim-20 has-background-dim\"><\/span><div class=\"wp-block-cover__inner-container is-layout-flow wp-block-cover-is-layout-flow\">\n<p class=\"has-text-align-center has-background-color has-text-color has-larger-font-size\"><strong>Seele baumeln lassen bei Flaute<\/strong><\/p>\n<\/div><\/div>\n<\/div>\n\n\n\n<div class=\"wp-block-column is-layout-flow wp-block-column-is-layout-flow\">\n<div class=\"wp-block-cover is-light\" style=\"min-height:350px;aspect-ratio:unset;\"><img loading=\"lazy\" decoding=\"async\" width=\"1000\" height=\"750\" sizes=\"auto, (max-width: 1000px) 100vw, 1000px\" class=\"wp-block-cover__image-background wp-image-441\" alt=\"\" src=\"https:\/\/effa-segeln.de\/wp-content\/uploads\/2023\/03\/Wikingerschach-auf-Anholt.jpg\" data-object-fit=\"cover\" srcset=\"https:\/\/effa-segeln.de\/wp-content\/uploads\/2023\/03\/Wikingerschach-auf-Anholt.jpg 1000w, https:\/\/effa-segeln.de\/wp-content\/uploads\/2023\/03\/Wikingerschach-auf-Anholt-300x225.jpg 300w, https:\/\/effa-segeln.de\/wp-content\/uploads\/2023\/03\/Wikingerschach-auf-Anholt-768x576.jpg 768w\" \/><span aria-hidden=\"true\" class=\"wp-block-cover__background has-background-dim-20 has-background-dim\"><\/span><div class=\"wp-block-cover__inner-container is-layout-flow wp-block-cover-is-layout-flow\">\n<p class=\"has-text-align-center has-background-color has-text-color has-larger-font-size\"><strong>Sonnenuntergang am Ankerplatz<\/strong><\/p>\n<\/div><\/div>\n<\/div>\n<\/div>\n\n\n\n<div class=\"wp-block-columns alignwide are-vertically-aligned-center is-layout-flex wp-container-core-columns-is-layout-9d6595d7 wp-block-columns-is-layout-flex\">\n<div class=\"wp-block-column is-vertically-aligned-center is-layout-flow wp-block-column-is-layout-flow\">\n<div class=\"wp-block-cover is-light\" style=\"min-height:349px;aspect-ratio:unset;\"><img loading=\"lazy\" decoding=\"async\" width=\"1000\" height=\"1333\" sizes=\"auto, (max-width: 1000px) 100vw, 1000px\" class=\"wp-block-cover__image-background wp-image-442\" alt=\"\" src=\"https:\/\/effa-segeln.de\/wp-content\/uploads\/2023\/03\/Neue-Faehigkeiten-erlernen.jpg\" data-object-fit=\"cover\" srcset=\"https:\/\/effa-segeln.de\/wp-content\/uploads\/2023\/03\/Neue-Faehigkeiten-erlernen.jpg 1000w, https:\/\/effa-segeln.de\/wp-content\/uploads\/2023\/03\/Neue-Faehigkeiten-erlernen-225x300.jpg 225w, https:\/\/effa-segeln.de\/wp-content\/uploads\/2023\/03\/Neue-Faehigkeiten-erlernen-768x1024.jpg 768w\" \/><span aria-hidden=\"true\" class=\"wp-block-cover__background has-background-dim-20 has-background-dim\"><\/span><div class=\"wp-block-cover__inner-container is-layout-flow wp-block-cover-is-layout-flow\">\n<p class=\"has-text-align-center has-background-color has-text-color has-larger-font-size\"><strong>Neue F\u00e4higkeiten erlernen<\/strong><\/p>\n<\/div><\/div>\n<\/div>\n\n\n\n<div class=\"wp-block-column is-vertically-aligned-center is-layout-flow wp-block-column-is-layout-flow\">\n<div class=\"wp-block-cover is-light\" style=\"min-height:350px;aspect-ratio:unset;\"><img loading=\"lazy\" decoding=\"async\" width=\"1000\" height=\"750\" sizes=\"auto, (max-width: 1000px) 100vw, 1000px\" class=\"wp-block-cover__image-background wp-image-443\" alt=\"\" src=\"https:\/\/effa-segeln.de\/wp-content\/uploads\/2023\/03\/Nervenkitzel-bei-Wind-und-Welle.jpg\" data-object-fit=\"cover\" srcset=\"https:\/\/effa-segeln.de\/wp-content\/uploads\/2023\/03\/Nervenkitzel-bei-Wind-und-Welle.jpg 1000w, https:\/\/effa-segeln.de\/wp-content\/uploads\/2023\/03\/Nervenkitzel-bei-Wind-und-Welle-300x225.jpg 300w, https:\/\/effa-segeln.de\/wp-content\/uploads\/2023\/03\/Nervenkitzel-bei-Wind-und-Welle-768x576.jpg 768w\" \/><span aria-hidden=\"true\" class=\"wp-block-cover__background has-background-dim-20 has-background-dim\"><\/span><div class=\"wp-block-cover__inner-container is-layout-flow wp-block-cover-is-layout-flow\">\n<p class=\"has-text-align-center has-background-color has-text-color has-larger-font-size\"><strong>Nervenkitzel bei Wind und Welle<\/strong><\/p>\n<\/div><\/div>\n<\/div>\n\n\n\n<div class=\"wp-block-column is-vertically-aligned-center is-layout-flow wp-block-column-is-layout-flow\">\n<div class=\"wp-block-cover\" style=\"min-height:349px;aspect-ratio:unset;\"><img loading=\"lazy\" decoding=\"async\" width=\"1000\" height=\"741\" sizes=\"auto, (max-width: 1000px) 100vw, 1000px\" class=\"wp-block-cover__image-background wp-image-446\" alt=\"\" src=\"https:\/\/effa-segeln.de\/wp-content\/uploads\/2023\/03\/Bummeln-durch-Hafenstaedtchen.jpg\" data-object-fit=\"cover\" srcset=\"https:\/\/effa-segeln.de\/wp-content\/uploads\/2023\/03\/Bummeln-durch-Hafenstaedtchen.jpg 1000w, https:\/\/effa-segeln.de\/wp-content\/uploads\/2023\/03\/Bummeln-durch-Hafenstaedtchen-300x222.jpg 300w, https:\/\/effa-segeln.de\/wp-content\/uploads\/2023\/03\/Bummeln-durch-Hafenstaedtchen-768x569.jpg 768w\" \/><span aria-hidden=\"true\" class=\"wp-block-cover__background has-background-dim-20 has-background-dim\"><\/span><div class=\"wp-block-cover__inner-container is-layout-flow wp-block-cover-is-layout-flow\">\n<p class=\"has-text-align-center has-larger-font-size\"><strong>Bummeln durch Hafenst\u00e4dtchen<\/strong><\/p>\n<\/div><\/div>\n<\/div>\n<\/div>\n\n\n\n<h2 class=\"wp-block-heading\" id=\"Anmeldung\">Anmeldung<\/h2>\n\n\n\n<p><strong>Anmeldebeginn f\u00fcr alle Freizeiten:<\/strong> ab 01.12.2025 00:00 Uhr<br><strong>Veranstalterin:<\/strong> <br>Evangelische Jugend Kleve<br>Lindenallee 42 <br>47533 Kleve <br>Tel. 0 28 21 \/ 23 310<br><\/p>\n\n\n\n<div class=\"wp-block-file\"><a href=\"https:\/\/effa-segeln.de\/wp-content\/uploads\/2025\/03\/Anmeldung-Exodus.pdf\" target=\"_blank\" rel=\"noreferrer noopener\">Anmeldung online ausf\u00fcllen<\/a><a href=\"https:\/\/effa-segeln.de\/wp-content\/uploads\/2025\/03\/Anmeldung-Exodus.pdf\" class=\"wp-block-file__button\" download=\"\">Herunterladen<\/a><\/div>\n\n\n\n<p><strong>Die Anmeldung bitte ausgef\u00fcllt und unterschrieben an Petra Harpain schicken. <\/strong><br>Per Mail: <br>      petra.harpain@ekir.de <br>oder per Post:<br>      Petra Harpain<br>      M\u00f6llersweg 20<br>      47559 Kranenburg<\/p>\n","protected":false},"excerpt":{"rendered":"<p>Reisen auf Segelschiffen ist ein besonderes Abenteuer! Ganz besonders mit der \u201eExodus\u201c, dem Segelschiff der Evangelischen Jugend Kleve.Gemeinsam mit bis zu acht anderen Jugendlichen oder jungen Erwachsenen segelst du unter der Anleitung von zwei erfahrenen Skipper*innen und lernst alles, was zum Leben an Bord eines Traditionssegelschiffes dazugeh\u00f6rt. Im Sommer 2026 wartet auf die Exodus und [&hellip;]<\/p>\n","protected":false},"author":1,"featured_media":0,"parent":0,"menu_order":10,"comment_status":"closed","ping_status":"closed","template":"templates\/template-full-width.php","meta":{"ngg_post_thumbnail":0,"footnotes":""},"class_list":["post-544","page","type-page","status-publish","hentry"],"_links":{"self":[{"href":"https:\/\/effa-segeln.de\/index.php?rest_route=\/wp\/v2\/pages\/544","targetHints":{"allow":["GET"]}}],"collection":[{"href":"https:\/\/effa-segeln.de\/index.php?rest_route=\/wp\/v2\/pages"}],"about":[{"href":"https:\/\/effa-segeln.de\/index.php?rest_route=\/wp\/v2\/types\/page"}],"author":[{"embeddable":true,"href":"https:\/\/effa-segeln.de\/index.php?rest_route=\/wp\/v2\/users\/1"}],"replies":[{"embeddable":true,"href":"https:\/\/effa-segeln.de\/index.php?rest_route=%2Fwp%2Fv2%2Fcomments&post=544"}],"version-history":[{"count":47,"href":"https:\/\/effa-segeln.de\/index.php?rest_route=\/wp\/v2\/pages\/544\/revisions"}],"predecessor-version":[{"id":1693,"href":"https:\/\/effa-segeln.de\/index.php?rest_route=\/wp\/v2\/pages\/544\/revisions\/1693"}],"wp:attachment":[{"href":"https:\/\/effa-segeln.de\/index.php?rest_route=%2Fwp%2Fv2%2Fmedia&parent=544"}],"curies":[{"name":"wp","href":"https:\/\/api.w.org\/{rel}","templated":true}]}}