{"id":564,"date":"2023-10-20T18:35:31","date_gmt":"2023-10-20T16:35:31","guid":{"rendered":"https:\/\/neu.effa-segeln.de\/?page_id=564"},"modified":"2026-01-12T19:47:01","modified_gmt":"2026-01-12T18:47:01","slug":"sommertoerns-2024","status":"publish","type":"page","link":"https:\/\/effa-segeln.de\/?page_id=564","title":{"rendered":"Sommert\u00f6rns 2026"},"content":{"rendered":"\n<p><span style=\"text-decoration: underline;\">Sommerferien in NRW:<\/span>&nbsp;&nbsp;<\/p>\n\n\n\n<p><strong>EXODUS Sommert\u00f6rn I<\/strong> &#8211; 1. &amp; 2. Ferienwoche: <br>Sa. 18.07. &#8211; So. 02.08.2026<br>Hans-Ulrich von Quistorp, Katharina Niedenzu, Moritz Breuckmann<\/p>\n\n\n\n<p><strong>EXODUS Sommert\u00f6rn II<\/strong> &#8211; 3. &amp; 4. Ferienwoche: <br>Sa. 01.08.-So. 16.08.2026<br>Falko Mesch, Fabian Scholten, Mia Lamers<\/p>\n\n\n\n<p><strong>EXODUS Sommert\u00f6rn III<\/strong> &#8211; 5. &amp; 6. Ferienwoche: <br>Sa. 15.08.-So. 30.08.2026<br>Bernd Schoofs, Jacqueline Diepers<\/p>\n\n\n\n<figure class=\"wp-block-image size-full\"><img loading=\"lazy\" decoding=\"async\" width=\"2560\" height=\"2560\" sizes=\"auto, (max-width: 2560px) 100vw, 2560px\" src=\"https:\/\/effa-segeln.de\/wp-content\/uploads\/2024\/11\/Wattensail-scaled.jpeg\" alt=\"\" class=\"wp-image-1084\" srcset=\"https:\/\/effa-segeln.de\/wp-content\/uploads\/2024\/11\/Wattensail-scaled.jpeg 2560w, https:\/\/effa-segeln.de\/wp-content\/uploads\/2024\/11\/Wattensail-300x300.jpeg 300w, https:\/\/effa-segeln.de\/wp-content\/uploads\/2024\/11\/Wattensail-1080x1080.jpeg 1080w, https:\/\/effa-segeln.de\/wp-content\/uploads\/2024\/11\/Wattensail-150x150.jpeg 150w, https:\/\/effa-segeln.de\/wp-content\/uploads\/2024\/11\/Wattensail-768x768.jpeg 768w, https:\/\/effa-segeln.de\/wp-content\/uploads\/2024\/11\/Wattensail-1536x1536.jpeg 1536w, https:\/\/effa-segeln.de\/wp-content\/uploads\/2024\/11\/Wattensail-2048x2048.jpeg 2048w, https:\/\/effa-segeln.de\/wp-content\/uploads\/2024\/11\/Wattensail-1200x1200.jpeg 1200w, https:\/\/effa-segeln.de\/wp-content\/uploads\/2024\/11\/Wattensail-1980x1980.jpeg 1980w\" \/><\/figure>\n\n\n\n<p>Reisen auf Segelschiffen ist ein besonderes Erlebnis. Ganz besonders mit der \u201eExodus\u201c, dem erprobten Segelschiff der Evangelischen Jugend Kleve. Segeln und Reisen auf der Exodus ist Rucksackwandern auf dem Wasser und bedeutet mit minimalem Standard auf engstem Raum in einer Gruppe viel zu erleben und Erfahrungen zu sammeln.<\/p>\n\n\n\n<p>Unsere Sommersegelt\u00f6rns sollen von der Belgischen\/ Franz\u00f6sischen Nordseek\u00fcste starten. Von dort wollen wir dann mit unseren zweiw\u00f6chigen Sommerreisen in den englischen Kanal segeln. Die Reise wird uns dann je nach Wetterlage an der franz\u00f6sischen oder englischen K\u00fcste entlang f\u00fchren und wir werden einige der traditionsreichen Kanalh\u00e4fen an der K\u00fcste anlaufen. Der T\u00f6rnwechsel findet dann im erreichten Zielhafen mit einer abschlie\u00dfenden Zelt\u00fcbernachtung statt.<\/p>\n\n\n\n<p>Wie weit wir kommen, entscheiden neben Wind und Wetter auch die Teilnehmenden des T\u00f6rns unter der Leitung von zwei Mitarbeitenden. Gemeinsam werden die t\u00e4glichen Aufgaben und Herausforderungen gemeistert. Dabei packt jeder mit an, ob beim Segeln und Navigieren, in der Komb\u00fcse oder beim Klar-Schiff machen, jede Hand ist gefragt. Geschlafen und gekocht wird an Bord. Duschen stehen in den H\u00e4fen zur Verf\u00fcgung, bei gutem Wetter tut es aber auch schon mal ein Eimer S\u00fc\u00dfwasser nach einem Bad im Meer.<\/p>\n\n\n\n<p>Die H\u00e4fen mit ihrem meist bunten Treiben, Inseln und Ankerbuchten mit einsamen Str\u00e4nden bieten eine gro\u00dfe Vielfalt an unterschiedlichen Eindr\u00fccken und Sehensw\u00fcrdigkeiten. Diese k\u00f6nnen dann zu Fu\u00df oder auch mal mit dem Fahrrad zu erkundet werden. Aber auch l\u00e4ngere Segeltage oder eine Nachtfahrt zum Erreichen des n\u00e4chsten T\u00f6rnziels bieten ihre ganz eigenen Eindr\u00fccke.<\/p>\n\n\n\n<p>Unser Bordalltag ist bestimmt vom christlichen Mitein\u00adander! Teamgeist, Toleranz und Achtsamkeit sind dabei die Grundlage einer guten Gemeinschaft und Voraussetzung f\u00fcr harmonische zwei Wochen an Bord.<\/p>\n\n\n\n<p>Die Abende auf oder unter Deck bieten Zeit und Raum f\u00fcr Spiele, intensive Gespr\u00e4che \u00fcber Gott und die Welt oder einfach mal zum Entspannen und den Sonnenuntergang genie\u00dfen.<\/p>\n\n\n\n<p>Die Sommert\u00f6rns greifen nahtlos ineinander, so k\u00f6nnen wir die Wechselh\u00e4fen f\u00fcr den Crewtausch frei bestimmen und unsere Etappen nach Lust und Laune gestalten.<\/p>\n\n\n\n<p>Die Exodus hat Platz f\u00fcr acht Teilnehmer\/innen. Unter der Leitung von zwei Mitarbeitenden wird das Schiff klar gemacht und jeder packt mit an und kann so die grunds\u00e4tzlichen Handgriffe des Segelns und Navigierens erlernen.<\/p>\n\n\n\n<p>Wir freuen uns auf jeweils zwei spannende Wochen mit vielen gemeinsamen Erlebnissen!<\/p>\n\n\n\n<p>Der T\u00f6rnpreis beinhaltet die Hin-\/ R\u00fcckfahrt ab Kleve und alle Mahlzeiten an Bord der Exodus.<\/p>\n\n\n\n<p><strong>Achtung:<\/strong><br><strong>Da wir passender Wetterlage auch an die englische K\u00fcste segeln, sind ein g\u00fcltiger Reisepass und eine englische ETA f\u00fcr alle TeilnehmerInnen verpflichtend und rechtzeitig vor T\u00f6rnbeginn zu beschaffen.<\/strong><\/p>\n\n\n\n<p><br><strong>Teilnehmenden Beitrag: <\/strong>689,- Euro<br><strong>Teilnehmende:<\/strong> 8 Jugendliche (ab 12 Jahren)<br><strong>Anmeldebeginn: <\/strong>01.12.2025 &#8211; 0 Uhr<\/p>\n\n\n\n<div class=\"wp-block-columns is-layout-flex wp-container-core-columns-is-layout-9d6595d7 wp-block-columns-is-layout-flex\">\n<div class=\"wp-block-column is-layout-flow wp-block-column-is-layout-flow\">\n<div class=\"wp-block-buttons is-content-justification-space-between is-layout-flex wp-container-core-buttons-is-layout-3d213aab wp-block-buttons-is-layout-flex\">\n<div class=\"wp-block-button\"><a class=\"wp-block-button__link has-background wp-element-button\" href=\"https:\/\/effa-segeln.de\/?page_id=1460\" style=\"background-color:#1a206d\">T\u00d6RNS zu teuer?<\/a><\/div>\n\n\n\n<div class=\"wp-block-button\"><a class=\"wp-block-button__link wp-element-button\" href=\"https:\/\/effa-segeln.de\/?page_id=544#Anmeldung\" target=\"_blank\" rel=\"noreferrer noopener\">Anmeldung!<\/a><\/div>\n<\/div>\n<\/div>\n<\/div>\n\n\n\n<p><strong>Veranstalterin:<\/strong> Evangelische Jugend Kleve; Lindenallee 42; 47533 Kleve; Tel. 0 28 21 \/ 23 310<\/p>\n\n\n\n<figure class=\"wp-block-gallery has-nested-images columns-default is-cropped wp-block-gallery-1 is-layout-flex wp-block-gallery-is-layout-flex\">\n<figure class=\"wp-block-image size-large\"><img data-dominant-color=\"74686b\" data-has-transparency=\"false\" style=\"--dominant-color: #74686b;\" loading=\"lazy\" decoding=\"async\" width=\"1024\" height=\"768\" sizes=\"auto, (max-width: 1024px) 100vw, 1024px\" data-id=\"645\" src=\"https:\/\/effa-segeln.de\/wp-content\/uploads\/2023\/10\/IMG_20230721_091042-1024x768.webp\" alt=\"\" class=\"wp-image-645 not-transparent\" srcset=\"https:\/\/effa-segeln.de\/wp-content\/uploads\/2023\/10\/IMG_20230721_091042-1024x768.webp 1024w, https:\/\/effa-segeln.de\/wp-content\/uploads\/2023\/10\/IMG_20230721_091042-300x225.webp 300w, https:\/\/effa-segeln.de\/wp-content\/uploads\/2023\/10\/IMG_20230721_091042-768x576.webp 768w, https:\/\/effa-segeln.de\/wp-content\/uploads\/2023\/10\/IMG_20230721_091042-1536x1152.webp 1536w, https:\/\/effa-segeln.de\/wp-content\/uploads\/2023\/10\/IMG_20230721_091042-2048x1536.webp 2048w, https:\/\/effa-segeln.de\/wp-content\/uploads\/2023\/10\/IMG_20230721_091042-1200x900.webp 1200w, https:\/\/effa-segeln.de\/wp-content\/uploads\/2023\/10\/IMG_20230721_091042-1980x1485.webp 1980w\" \/><\/figure>\n\n\n\n<figure class=\"wp-block-image size-large\"><img data-dominant-color=\"61849f\" data-has-transparency=\"false\" style=\"--dominant-color: #61849f;\" loading=\"lazy\" decoding=\"async\" width=\"1024\" height=\"768\" sizes=\"auto, (max-width: 1024px) 100vw, 1024px\" data-id=\"646\" src=\"https:\/\/effa-segeln.de\/wp-content\/uploads\/2023\/10\/IMG_20230717_135757-1024x768.webp\" alt=\"\" class=\"wp-image-646 not-transparent\" srcset=\"https:\/\/effa-segeln.de\/wp-content\/uploads\/2023\/10\/IMG_20230717_135757-1024x768.webp 1024w, https:\/\/effa-segeln.de\/wp-content\/uploads\/2023\/10\/IMG_20230717_135757-300x225.webp 300w, https:\/\/effa-segeln.de\/wp-content\/uploads\/2023\/10\/IMG_20230717_135757-768x576.webp 768w, https:\/\/effa-segeln.de\/wp-content\/uploads\/2023\/10\/IMG_20230717_135757-1536x1152.webp 1536w, https:\/\/effa-segeln.de\/wp-content\/uploads\/2023\/10\/IMG_20230717_135757-2048x1536.webp 2048w, https:\/\/effa-segeln.de\/wp-content\/uploads\/2023\/10\/IMG_20230717_135757-1200x900.webp 1200w, https:\/\/effa-segeln.de\/wp-content\/uploads\/2023\/10\/IMG_20230717_135757-1980x1485.webp 1980w\" \/><\/figure>\n\n\n\n<figure class=\"wp-block-image size-large\"><img data-dominant-color=\"655b5c\" data-has-transparency=\"false\" style=\"--dominant-color: #655b5c;\" loading=\"lazy\" decoding=\"async\" width=\"766\" height=\"1024\" sizes=\"auto, (max-width: 766px) 100vw, 766px\" data-id=\"647\" src=\"https:\/\/effa-segeln.de\/wp-content\/uploads\/2023\/10\/IMG_20220717_143933-766x1024.webp\" alt=\"\" class=\"wp-image-647 not-transparent\" srcset=\"https:\/\/effa-segeln.de\/wp-content\/uploads\/2023\/10\/IMG_20220717_143933-766x1024.webp 766w, https:\/\/effa-segeln.de\/wp-content\/uploads\/2023\/10\/IMG_20220717_143933-224x300.webp 224w, https:\/\/effa-segeln.de\/wp-content\/uploads\/2023\/10\/IMG_20220717_143933-768x1027.webp 768w, https:\/\/effa-segeln.de\/wp-content\/uploads\/2023\/10\/IMG_20220717_143933-1149x1536.webp 1149w, https:\/\/effa-segeln.de\/wp-content\/uploads\/2023\/10\/IMG_20220717_143933-1532x2048.webp 1532w, https:\/\/effa-segeln.de\/wp-content\/uploads\/2023\/10\/IMG_20220717_143933-1200x1604.webp 1200w, https:\/\/effa-segeln.de\/wp-content\/uploads\/2023\/10\/IMG_20220717_143933-1980x2647.webp 1980w, https:\/\/effa-segeln.de\/wp-content\/uploads\/2023\/10\/IMG_20220717_143933-scaled.webp 1915w\" \/><\/figure>\n\n\n\n<figure class=\"wp-block-image size-large\"><img loading=\"lazy\" decoding=\"async\" width=\"768\" height=\"1024\" sizes=\"auto, (max-width: 768px) 100vw, 768px\" data-id=\"445\" src=\"https:\/\/effa-segeln.de\/wp-content\/uploads\/2023\/03\/Seele-baumeln-lassen-768x1024.jpg\" alt=\"\" class=\"wp-image-445\" srcset=\"https:\/\/effa-segeln.de\/wp-content\/uploads\/2023\/03\/Seele-baumeln-lassen-768x1024.jpg 768w, https:\/\/effa-segeln.de\/wp-content\/uploads\/2023\/03\/Seele-baumeln-lassen-225x300.jpg 225w, https:\/\/effa-segeln.de\/wp-content\/uploads\/2023\/03\/Seele-baumeln-lassen.jpg 1000w\" \/><\/figure>\n\n\n\n<figure class=\"wp-block-image size-large\"><img loading=\"lazy\" decoding=\"async\" width=\"1000\" height=\"750\" data-id=\"444\" src=\"https:\/\/effa-segeln.de\/wp-content\/uploads\/2023\/03\/Samsoe-bei-Saelvig.jpg\" alt=\"\" class=\"wp-image-444\" srcset=\"https:\/\/effa-segeln.de\/wp-content\/uploads\/2023\/03\/Samsoe-bei-Saelvig.jpg 1000w, https:\/\/effa-segeln.de\/wp-content\/uploads\/2023\/03\/Samsoe-bei-Saelvig-300x225.jpg 300w, https:\/\/effa-segeln.de\/wp-content\/uploads\/2023\/03\/Samsoe-bei-Saelvig-768x576.jpg 768w\" sizes=\"auto, (max-width: 1000px) 100vw, 1000px\" \/><\/figure>\n\n\n\n<figure class=\"wp-block-image size-large\"><img loading=\"lazy\" decoding=\"async\" width=\"1000\" height=\"750\" data-id=\"441\" src=\"https:\/\/effa-segeln.de\/wp-content\/uploads\/2023\/03\/Wikingerschach-auf-Anholt.jpg\" alt=\"\" class=\"wp-image-441\" srcset=\"https:\/\/effa-segeln.de\/wp-content\/uploads\/2023\/03\/Wikingerschach-auf-Anholt.jpg 1000w, https:\/\/effa-segeln.de\/wp-content\/uploads\/2023\/03\/Wikingerschach-auf-Anholt-300x225.jpg 300w, https:\/\/effa-segeln.de\/wp-content\/uploads\/2023\/03\/Wikingerschach-auf-Anholt-768x576.jpg 768w\" sizes=\"auto, (max-width: 1000px) 100vw, 1000px\" \/><\/figure>\n\n\n\n<figure class=\"wp-block-image size-large\"><img loading=\"lazy\" decoding=\"async\" width=\"1024\" height=\"576\" data-id=\"167\" src=\"https:\/\/effa-segeln.de\/wp-content\/uploads\/2021\/12\/20210717_133324.jpg\" alt=\"\" class=\"wp-image-167\" srcset=\"https:\/\/effa-segeln.de\/wp-content\/uploads\/2021\/12\/20210717_133324.jpg 1024w, https:\/\/effa-segeln.de\/wp-content\/uploads\/2021\/12\/20210717_133324-300x169.jpg 300w, https:\/\/effa-segeln.de\/wp-content\/uploads\/2021\/12\/20210717_133324-768x432.jpg 768w\" sizes=\"auto, (max-width: 1024px) 100vw, 1024px\" \/><\/figure>\n\n\n\n<figure class=\"wp-block-image size-large\"><img loading=\"lazy\" decoding=\"async\" width=\"1024\" height=\"683\" data-id=\"128\" src=\"https:\/\/effa-segeln.de\/wp-content\/uploads\/2021\/12\/DSC06275.jpg\" alt=\"\" class=\"wp-image-128\" srcset=\"https:\/\/effa-segeln.de\/wp-content\/uploads\/2021\/12\/DSC06275.jpg 1024w, https:\/\/effa-segeln.de\/wp-content\/uploads\/2021\/12\/DSC06275-300x200.jpg 300w, https:\/\/effa-segeln.de\/wp-content\/uploads\/2021\/12\/DSC06275-768x512.jpg 768w\" sizes=\"auto, (max-width: 1024px) 100vw, 1024px\" \/><\/figure>\n<\/figure>\n","protected":false},"excerpt":{"rendered":"<p>Sommerferien in NRW:&nbsp;&nbsp; EXODUS Sommert\u00f6rn I &#8211; 1. &amp; 2. Ferienwoche: Sa. 18.07. &#8211; So. 02.08.2026Hans-Ulrich von Quistorp, Katharina Niedenzu, Moritz Breuckmann EXODUS Sommert\u00f6rn II &#8211; 3. &amp; 4. Ferienwoche: Sa. 01.08.-So. 16.08.2026Falko Mesch, Fabian Scholten, Mia Lamers EXODUS Sommert\u00f6rn III &#8211; 5. &amp; 6. Ferienwoche: Sa. 15.08.-So. 30.08.2026Bernd Schoofs, Jacqueline Diepers Reisen auf Segelschiffen [&hellip;]<\/p>\n","protected":false},"author":1,"featured_media":0,"parent":0,"menu_order":13,"comment_status":"closed","ping_status":"closed","template":"templates\/template-full-width.php","meta":{"ngg_post_thumbnail":0,"footnotes":""},"class_list":["post-564","page","type-page","status-publish","hentry"],"_links":{"self":[{"href":"https:\/\/effa-segeln.de\/index.php?rest_route=\/wp\/v2\/pages\/564","targetHints":{"allow":["GET"]}}],"collection":[{"href":"https:\/\/effa-segeln.de\/index.php?rest_route=\/wp\/v2\/pages"}],"about":[{"href":"https:\/\/effa-segeln.de\/index.php?rest_route=\/wp\/v2\/types\/page"}],"author":[{"embeddable":true,"href":"https:\/\/effa-segeln.de\/index.php?rest_route=\/wp\/v2\/users\/1"}],"replies":[{"embeddable":true,"href":"https:\/\/effa-segeln.de\/index.php?rest_route=%2Fwp%2Fv2%2Fcomments&post=564"}],"version-history":[{"count":29,"href":"https:\/\/effa-segeln.de\/index.php?rest_route=\/wp\/v2\/pages\/564\/revisions"}],"predecessor-version":[{"id":1690,"href":"https:\/\/effa-segeln.de\/index.php?rest_route=\/wp\/v2\/pages\/564\/revisions\/1690"}],"wp:attachment":[{"href":"https:\/\/effa-segeln.de\/index.php?rest_route=%2Fwp%2Fv2%2Fmedia&parent=564"}],"curies":[{"name":"wp","href":"https:\/\/api.w.org\/{rel}","templated":true}]}}